{"id":363,"date":"2016-02-28T18:32:16","date_gmt":"2016-02-28T17:32:16","guid":{"rendered":"http:\/\/ploumilliau.bzh\/mairie\/?page_id=363"},"modified":"2025-03-17T11:55:39","modified_gmt":"2025-03-17T10:55:39","slug":"artisans","status":"publish","type":"page","link":"https:\/\/ploumilliau.bzh\/mairie\/artisans\/","title":{"rendered":"Artisans"},"content":{"rendered":"<ul>\n<li>\n<h1><span style=\"color: #bdb600;\">Automobile <\/span><\/h1>\n<\/li>\n<li>\n<div class=\"hr\"><\/div>\n<p><img loading=\"lazy\" class=\"alignleft size-full\" src=\"http:\/\/ploumilliau.bzh\/mairie\/wp-content\/uploads\/2016\/02\/topgarage.jpg\" alt=\"GARAGE MILLIAUTAIS\" width=\"150\" height=\"150\" \/><strong><span style=\"color: #b6bd00;\">GARAGE MILLIAUTAIS<\/span><br \/>\n<span style=\"color: #8f9090;\">Atelier de r\u00e9paration automobile<\/span><br \/>\n<\/strong><br \/>\n89 rue Anatole le Bras - 22300 PLOUMILLIAU<br \/>\n02 96 54 40 10<\/p>\n<p><a class=\"btn btn-default btn-normal btn-inline \" title=\"site internet\" href=\"http:\/\/reseau.top-garage.fr\/205355-garage-milliautais\" target=\"_blank\" rel=\"noopener\">Site internet<\/a><\/li>\n<li>\n<div class=\"hr\"><\/div>\n<p><img loading=\"lazy\" class=\"alignleft size-full\" src=\"http:\/\/ploumilliau.bzh\/mairie\/wp-content\/uploads\/2016\/02\/Renaulrdacia-e1465989424226.jpg\" alt=\"GARAGE LA CROIX ROUGE\" width=\"150\" height=\"150\" \/><strong><span style=\"color: #b6bd00;\">GARAGE LA CROIX ROUGE<\/span><br \/>\n<span style=\"color: #8f9090;\">Agent RENAULT Yann RAMASAMY<\/span><br \/>\n<\/strong><br \/>\nZA La Croix Rouge - 22300 PLOUMILLIAU<br \/>\n02 96 35 44 49<\/p>\n<p><a href=\"mailto:contact@garagelacroixrouge.com\">E-mail<\/a><\/li>\n<li>\n<div class=\"hr\"><\/div>\n<p><img loading=\"lazy\" class=\"alignleft size-full wp-image-330\" src=\"http:\/\/ploumilliau.bzh\/mairie\/wp-content\/uploads\/2016\/02\/NOlogo.jpg\" alt=\"\" width=\"150\" height=\"150\" \/><br \/>\n<strong><span style=\"color: #b6bd00;\">CAROSSERIE Patrice CONAN<\/span><br \/>\n<span style=\"color: #8f9090;\">Carosserie<\/span><br \/>\n<\/strong><br \/>\nZA La Croix Rouge - 22300 PLOUMILLIAU<br \/>\n02 96 35 49 91<\/li>\n<li>\n<div class=\"hr\"><\/div>\n<h1><span style=\"color: #bdb600;\">B\u00e2timent <\/span><br \/>\n<span style=\"font-size: 11px; color: #bdb600;\">Liste par ordre alphab\u00e9tique<\/span><\/h1>\n<\/li>\n<li>\n<div class=\"hr\"><\/div>\n<p><img loading=\"lazy\" class=\"alignleft size-full wp-image-330\" src=\"http:\/\/ploumilliau.bzh\/mairie\/wp-content\/uploads\/2016\/02\/NOlogo.jpg\" alt=\"\" width=\"150\" height=\"150\" \/><br \/>\n<strong><span style=\"color: #b6bd00;\">CHAUFFAGE 22 Chemin\u00e9es d'Armor<\/span><\/strong><\/p>\n<p>ZA la Croix Rouge - 22300 PLOUMILLIAU<br \/>\n02 96 35 49 87<\/li>\n<li>\n<div class=\"hr\"><\/div>\n<p><img loading=\"lazy\" class=\"alignleft size-full wp-image-330\" src=\"http:\/\/ploumilliau.bzh\/mairie\/wp-content\/uploads\/2016\/02\/NOlogo.jpg\" alt=\"\" width=\"150\" height=\"150\" \/><br \/>\n<strong><span style=\"color: #b6bd00;\">COSQUER Gilles<\/span><br \/>\n<span style=\"color: #8f9090;\">Ma\u00e7onnerie<\/span><br \/>\n<\/strong><br \/>\nLezenor - 22300 PLOUMILLIAU<br \/>\n06 83 77 63 13<\/li>\n<li>\n<div class=\"hr\"><\/div>\n<p><img loading=\"lazy\" class=\"alignleft size-full wp-image-330\" src=\"http:\/\/ploumilliau.bzh\/mairie\/wp-content\/uploads\/2016\/02\/NOlogo.jpg\" alt=\"\" width=\"150\" height=\"150\" \/><br \/>\n<strong><span style=\"color: #b6bd00;\">FRIMAT Laurent<\/span><br \/>\n<span style=\"color: #8f9090;\">R\u00e9novation et carrelage<\/span><br \/>\n<\/strong><br \/>\n14 rue de la Lieue de Gr\u00e8ve - 22300 PLOUMILLIAU<br \/>\n06 23 96 54 40<\/li>\n<li>\n<div class=\"hr\"><\/div>\n<p><img loading=\"lazy\" class=\"alignleft size-full wp-image-330\" src=\"http:\/\/ploumilliau.bzh\/mairie\/wp-content\/uploads\/2016\/02\/NOlogo.jpg\" alt=\"\" width=\"150\" height=\"150\" \/><br \/>\n<strong><span style=\"color: #b6bd00;\">GLORION Jean-Pierre<\/span><br \/>\n<span style=\"color: #8f9090;\">Peinture et rev\u00eatements<\/span><br \/>\n<\/strong><br \/>\n7 impasse de la Villeneuve- 22300 PLOUMILLIAU<br \/>\n06 81 11 36 83<\/li>\n<li>\n<div class=\"hr\"><\/div>\n<p><img loading=\"lazy\" class=\"alignleft size-full wp-image-330\" src=\"http:\/\/ploumilliau.bzh\/mairie\/wp-content\/uploads\/2016\/02\/NOlogo.jpg\" alt=\"\" width=\"150\" height=\"150\" \/><br \/>\n<strong><span style=\"color: #b6bd00;\">LACHIVER Serge<\/span><br \/>\n<span style=\"color: #8f9090;\">Peinture<\/span><br \/>\n<\/strong><br \/>\n10, rue A. Le Braz - 22300 PLOUMILLIAU<br \/>\n02 96 35 33 05<\/li>\n<li>\n<div class=\"hr\"><\/div>\n<p><img loading=\"lazy\" class=\"alignleft size-full wp-image-330\" src=\"http:\/\/ploumilliau.bzh\/mairie\/wp-content\/uploads\/2016\/02\/NOlogo.jpg\" alt=\"\" width=\"150\" height=\"150\" \/><br \/>\n<strong><span style=\"color: #b6bd00;\">LE GAC Gilbert<\/span><br \/>\n<span style=\"color: #8f9090;\">Plomberie, chauffage, \u00e9lectricit\u00e9<\/span><br \/>\n<\/strong><br \/>\n53, rue du Klandi - 22300 PLOUMILLIAU<br \/>\n02 96 35 49 47<\/li>\n<li>\n<div class=\"hr\"><\/div>\n<p><img loading=\"lazy\" class=\"alignleft size-full wp-image-330\" src=\"http:\/\/ploumilliau.bzh\/mairie\/wp-content\/uploads\/2016\/02\/NOlogo.jpg\" alt=\"\" width=\"150\" height=\"150\" \/><br \/>\n<strong><span style=\"color: #b6bd00;\">LE P\u00c9RU Jean<\/span><br \/>\n<span style=\"color: #8f9090;\">Couvreur<\/span><br \/>\n<\/strong><br \/>\nKerizoud - 22300 PLOUMILLIAU<br \/>\n02 96 35 40 15<\/li>\n<li>\n<div class=\"hr\"><\/div>\n<p><img loading=\"lazy\" class=\"alignleft size-full wp-image-330\" src=\"http:\/\/ploumilliau.bzh\/mairie\/wp-content\/uploads\/2016\/02\/NOlogo.jpg\" alt=\"\" width=\"150\" height=\"150\" \/><br \/>\n<strong><span style=\"color: #b6bd00;\">MAT'AGENCEMENT<\/span><br \/>\n<span style=\"color: #8f9090;\">Menuiserie et agencement<\/span><br \/>\n<\/strong><br \/>\n54, r\u00e9sidence Kertanguy - 22300 PLOUMILLIAU<br \/>\n02 96 54 48 56 - 06 22 19 80 71<\/li>\n<li>\n<div class=\"hr\"><\/div>\n<p><img loading=\"lazy\" class=\"alignleft size-full wp-image-330\" src=\"http:\/\/ploumilliau.bzh\/mairie\/wp-content\/uploads\/2016\/02\/NOlogo.jpg\" alt=\"\" width=\"150\" height=\"150\" \/><br \/>\n<strong><span style=\"color: #b6bd00;\">MENUISERIE VINCENT DANIEL<\/span><br \/>\n<span style=\"color: #8f9090;\">Menuiserie<\/span><br \/>\n<\/strong><br \/>\nBod Gwez - 22300 PLOUMILLIAU<br \/>\n06 32 37 24 96<\/li>\n<li>\n<div class=\"hr\"><\/div>\n<p><img loading=\"lazy\" class=\"alignleft size-full wp-image-330\" src=\"http:\/\/ploumilliau.bzh\/mairie\/wp-content\/uploads\/2016\/02\/NOlogo.jpg\" alt=\"\" width=\"150\" height=\"150\" \/><br \/>\n<strong><span style=\"color: #b6bd00;\">MCL (Menuiserie et Charpente du L\u00e9guer)<\/span><br \/>\n<span style=\"color: #8f9090;\">Menuiserie et Charpente<\/span><br \/>\n<\/strong><br \/>\nLa Croix Rouge - 22300 PLOUMILLIAU<br \/>\n02 96 35 47 07<\/li>\n<li>\n<div class=\"hr\"><\/div>\n<p><img loading=\"lazy\" class=\"alignleft size-full wp-image-330\" src=\"http:\/\/ploumilliau.bzh\/mairie\/wp-content\/uploads\/2016\/02\/NOlogo.jpg\" alt=\"\" width=\"150\" height=\"150\" \/><br \/>\n<strong><span style=\"color: #b6bd00;\">MENUISERIE DU TR\u00c9GOR - Gilles Kervarrec<\/span><br \/>\n<span style=\"color: #8f9090;\">Menuiserie<\/span><br \/>\n<\/strong><br \/>\nPenn ar Vouilhenn - 22300 PLOUMILLIAU<br \/>\n02 96 35 25 07<\/li>\n<li>\n<div class=\"hr\"><\/div>\n<p><img loading=\"lazy\" class=\"alignleft size-full wp-image-330\" src=\"http:\/\/ploumilliau.bzh\/mairie\/wp-content\/uploads\/2016\/02\/NOlogo.jpg\" alt=\"\" width=\"150\" height=\"150\" \/><br \/>\n<strong><span style=\"color: #b6bd00;\">PARIS Gilbert<\/span><br \/>\n<span style=\"color: #8f9090;\">Pl\u00e2trier<\/span><br \/>\n<\/strong><br \/>\nZA La Croix Rouge - 22300 PLOUMILLIAU<br \/>\n02 96 35 13 32<\/li>\n<li>\n<div class=\"hr\"><\/div>\n<p><img loading=\"lazy\" class=\"alignleft size-full wp-image-330\" src=\"http:\/\/ploumilliau.bzh\/mairie\/wp-content\/uploads\/2016\/02\/NOlogo.jpg\" alt=\"\" width=\"150\" height=\"150\" \/><br \/>\n<strong><span style=\"color: #b6bd00;\">PAUTR\u00c9 Jean-Marc<\/span><br \/>\n<span style=\"color: #8f9090;\">Peinture d\u00e9coration<\/span><br \/>\n<\/strong><br \/>\nKerdangi - 22300 PLOUMILLIAU<br \/>\n06 14 75 17 31<\/li>\n<li>\n<div class=\"hr\"><\/div>\n<p><img loading=\"lazy\" class=\"alignleft size-full wp-image-330\" src=\"http:\/\/ploumilliau.bzh\/mairie\/wp-content\/uploads\/2016\/02\/NOlogo.jpg\" alt=\"\" width=\"150\" height=\"150\" \/><br \/>\n<strong><span style=\"color: #b6bd00;\">ROPARTZ CONSTRUCTION<\/span><br \/>\n<span style=\"color: #8f9090;\">Entreprise g\u00e9n\u00e9rale de b\u00e2timent<\/span><br \/>\n<\/strong><br \/>\n63, rue du Klandi - 22300 PLOUMILLIAU<br \/>\n02 96 35 45 21<\/li>\n<li>\n<div class=\"hr\"><\/div>\n<p><img loading=\"lazy\" class=\"alignleft size-full wp-image-330\" src=\"http:\/\/ploumilliau.bzh\/mairie\/wp-content\/uploads\/2016\/02\/NOlogo.jpg\" alt=\"\" width=\"150\" height=\"150\" \/><br \/>\n<strong><span style=\"color: #b6bd00;\">RUVO\u00cbN R\u00e9mi<\/span><br \/>\n<span style=\"color: #8f9090;\">Carrelages et dallages<\/span><br \/>\n<\/strong><br \/>\nSaint Kado - 22300 PLOUMILLIAU<br \/>\n02 96 35 41 44<\/li>\n<li>\n<div class=\"hr\"><\/div>\n<p><img loading=\"lazy\" class=\"alignleft size-full wp-image-330\" src=\"http:\/\/ploumilliau.bzh\/mairie\/wp-content\/uploads\/2016\/02\/NOlogo.jpg\" alt=\"\" width=\"150\" height=\"150\" \/><br \/>\n<strong><span style=\"color: #b6bd00;\">TR\u00c9GOR SABLAGE<\/span><br \/>\n<span style=\"color: #8f9090;\">Sablage<\/span><br \/>\n<\/strong><\/p>\n<p>Liorzo - 22300 PLOUMILLIAU<br \/>\n02 96 54 49 93<\/li>\n<li>\n<div class=\"hr\"><\/div>\n<p><img loading=\"lazy\" class=\"alignleft size-full wp-image-330\" src=\"http:\/\/ploumilliau.bzh\/mairie\/wp-content\/uploads\/2016\/02\/NOlogo.jpg\" alt=\"\" width=\"150\" height=\"150\" \/><br \/>\n<strong><span style=\"color: #b6bd00;\">TURLUCHE Armand<\/span><br \/>\n<span style=\"color: #8f9090;\">Electricit\u00e9<\/span><br \/>\n<\/strong><br \/>\nKozh Douar - 22300 PLOUMILLIAU<br \/>\n02 96 35 42 91<\/p>\n<div class=\"hr\"><\/div>\n<\/li>\n<li>\n<div class=\"hr\"><\/div>\n<p><img loading=\"lazy\" class=\"wp-image-4487 size-thumbnail alignleft\" src=\"https:\/\/ploumilliau.bzh\/mairie\/wp-content\/uploads\/2025\/03\/2019_logoTy-ar-men-150x150.jpg\" alt=\"\" width=\"150\" height=\"150\" srcset=\"https:\/\/ploumilliau.bzh\/mairie\/wp-content\/uploads\/2025\/03\/2019_logoTy-ar-men-150x150.jpg 150w, https:\/\/ploumilliau.bzh\/mairie\/wp-content\/uploads\/2025\/03\/2019_logoTy-ar-men-310x310.jpg 310w, https:\/\/ploumilliau.bzh\/mairie\/wp-content\/uploads\/2025\/03\/2019_logoTy-ar-men.jpg 1000w\" sizes=\"(max-width: 150px) 100vw, 150px\" \/><br \/>\n<strong><span style=\"color: #b6bd00;\">TY AR MEN<\/span><br \/>\n<span style=\"color: #8f9090;\">Ma\u00e7onnerie, Taille de pierre, Restauration du B\u00e2ti ancien<\/span><br \/>\n<\/strong><br \/>\nZA La Croix Rouge - 22300 PLOUMILLIAU<br \/>\n02 56 39 31 98 - contact@tyarmen.com<\/p>\n<p><a class=\"btn btn-default btn-normal btn-inline \" title=\"site internet\" href=\"http:\/\/tyarmen.com\/\" target=\"_blank\" rel=\"noopener\">Site internet<\/a><\/li>\n<li>\n<div class=\"hr\"><\/div>\n<h1><span style=\"color: #bdb600;\">Divers <\/span><br \/>\n<span style=\"font-size: 11px; color: #bdb600;\">Liste par ordre alphab\u00e9tique<\/span><\/h1>\n<\/li>\n<li>\n<div class=\"hr\"><\/div>\n<p><img loading=\"lazy\" class=\"alignleft size-full\" src=\"http:\/\/ploumilliau.bzh\/mairie\/wp-content\/uploads\/2016\/03\/armordecapservice.jpg\" alt=\"ARMOR DECAP SERVICE\" width=\"150\" height=\"150\" \/><strong><span style=\"color: #b6bd00;\">ARMOR DECAP SERVICE<\/span><br \/>\n<span style=\"color: #8f9090;\">D\u00e9capage par a\u00e9rogommage<\/span><br \/>\n<\/strong><br \/>\nTr\u00e9vinec - 22300 PLOUMILLIAU<br \/>\n06 09 38 79 38<\/p>\n<p><a class=\"btn btn-default btn-normal btn-inline \" title=\"site internet\" href=\"http:\/\/www.armor-aerogommage.fr\/\" target=\"_blank\" rel=\"noopener\">Site internet<\/a><\/li>\n<li>\n<div class=\"hr\"><\/div>\n<p><img loading=\"lazy\" class=\"alignleft size-full wp-image-330\" src=\"http:\/\/ploumilliau.bzh\/mairie\/wp-content\/uploads\/2016\/02\/NOlogo.jpg\" alt=\"\" width=\"150\" height=\"150\" \/><strong><span style=\"color: #b6bd00;\">ATELIER DU METAL<\/span><br \/>\n<span style=\"color: #8f9090;\">M\u00e9tallier, ferronier, escaliers<\/span><br \/>\n<\/strong><br \/>\n11 ZA La Croix Rouge - 22300 PLOUMILLIAU<br \/>\n02 96 54 40 58<\/p>\n<p><a class=\"btn btn-default btn-normal btn-inline \" title=\"site internet\" href=\"http:\/\/www.atelier-du-metal.fr\/\" target=\"_blank\" rel=\"noopener\">Site internet<\/a><\/li>\n<li>\n<div class=\"hr\"><\/div>\n<p><img loading=\"lazy\" class=\"alignleft size-full wp-image-330\" src=\"http:\/\/ploumilliau.bzh\/mairie\/wp-content\/uploads\/2016\/02\/NOlogo.jpg\" alt=\"\" width=\"150\" height=\"150\" \/><strong><span style=\"color: #b6bd00;\">CHALETS ET JARDINS D'ARMOR<\/span><br \/>\n<span style=\"color: #8f9090;\">Construction de chalets<\/span><br \/>\n<\/strong><br \/>\nSaint-Jean - 22300 PLOUMILLIAU<br \/>\n02 96 35 36 38<\/p>\n<p><a class=\"btn btn-default btn-normal btn-inline \" title=\"site internet\" href=\"http:\/\/chaletsdarmor.fr\/\" target=\"_blank\" rel=\"noopener\">Site internet<\/a><\/li>\n<li>\n<div class=\"hr\"><\/div>\n<p><img loading=\"lazy\" class=\"alignleft size-full\" src=\"http:\/\/ploumilliau.bzh\/mairie\/wp-content\/uploads\/2016\/03\/armordecapservice.jpg\" alt=\"ARMOR DECAP SERVICE\" width=\"150\" height=\"150\" \/><br \/>\n<strong><span style=\"color: #b6bd00;\">DERRIEN Marc<\/span><br \/>\n<span style=\"color: #8f9090;\">Paysagiste<\/span><br \/>\n<\/strong><br \/>\nPlas Martin - 22300 PLOUMILLIAU<br \/>\n02 96 35 25 18<\/li>\n<li>\n<div class=\"hr\"><\/div>\n<p><img loading=\"lazy\" class=\"alignleft size-full wp-image-330\" src=\"http:\/\/ploumilliau.bzh\/mairie\/wp-content\/uploads\/2016\/02\/NOlogo.jpg\" alt=\"\" width=\"150\" height=\"150\" \/><strong><span style=\"color: #b6bd00;\">ELEVAGE DU TR\u00c9GOR - M. et Mme GLAS<\/span><br \/>\n<span style=\"color: #8f9090;\">Elevage de chevaux et poneys<\/span><br \/>\n<\/strong><br \/>\nRun Herv\u00e9 - 22300 PLOUMILLIAU<br \/>\n02 96 35 44 14<\/p>\n<p><a class=\"btn btn-default btn-normal btn-inline \" title=\"site internet\" href=\"http:\/\/www.elevagedutregor.com\/\" target=\"_blank\" rel=\"noopener\">Site internet<\/a><\/li>\n<li>\n<div class=\"hr\"><\/div>\n<p><img loading=\"lazy\" class=\"alignleft size-full wp-image-330\" src=\"http:\/\/ploumilliau.bzh\/mairie\/wp-content\/uploads\/2016\/02\/NOlogo.jpg\" alt=\"\" width=\"150\" height=\"150\" \/><strong><span style=\"color: #b6bd00;\">IDYLCAR BRITWAYS CAR<\/span><br \/>\n<span style=\"color: #8f9090;\">Camping-cars<\/span><br \/>\n<\/strong><br \/>\nZA La Croix Rouge - 22300 PLOUMILLIAU<br \/>\n02 96 35 46 24<\/p>\n<p><a class=\"btn btn-default btn-normal btn-inline \" title=\"site internet\" href=\"http:\/\/lannion.idylcar.fr\/\" target=\"_blank\" rel=\"noopener\">Site internet<\/a><\/li>\n<li>\n<div class=\"hr\"><\/div>\n<p><img loading=\"lazy\" class=\"alignleft size-full wp-image-330\" src=\"http:\/\/ploumilliau.bzh\/mairie\/wp-content\/uploads\/2016\/02\/NOlogo.jpg\" alt=\"\" width=\"150\" height=\"150\" \/><br \/>\n<strong><span style=\"color: #b6bd00;\">KEVIN PAYSAGE<\/span><br \/>\n<span style=\"color: #8f9090;\">Paysagiste<\/span><br \/>\n<\/strong><br \/>\nKozh Douar - 22300 PLOUMILLIAU<br \/>\n06 28 46 69 82<\/li>\n<li>\n<div class=\"hr\"><\/div>\n<p><img loading=\"lazy\" class=\"alignleft size-full wp-image-330\" src=\"http:\/\/ploumilliau.bzh\/mairie\/wp-content\/uploads\/2016\/02\/NOlogo.jpg\" alt=\"\" width=\"150\" height=\"150\" \/><strong><span style=\"color: #b6bd00;\">LE MORVAN<\/span><br \/>\n<span style=\"color: #8f9090;\">Pompes-fun\u00e8bres, fun\u00e9rarium<\/span><br \/>\n<\/strong><br \/>\nZA La Croix Rouge - 22300 PLOUMILLIAU<br \/>\n02 96 35 31 31<\/p>\n<p><a class=\"btn btn-default btn-normal btn-inline \" title=\"site internet\" href=\"http:\/\/www.lemorvan-funeraire.com\/\" target=\"_blank\" rel=\"noopener\">Site internet<\/a><\/li>\n<li>\n<div class=\"hr\"><\/div>\n<p><img loading=\"lazy\" class=\"alignleft size-full wp-image-330\" src=\"http:\/\/ploumilliau.bzh\/mairie\/wp-content\/uploads\/2016\/02\/NOlogo.jpg\" alt=\"\" width=\"150\" height=\"150\" \/><br \/>\n<strong><span style=\"color: #b6bd00;\">AA-TP BEUX Denis<\/span><br \/>\n<span style=\"color: #8f9090;\">Terrassement, vidange de fosses<\/span><br \/>\n<\/strong><br \/>\nK\u00e9rriou - 22300 PLOUMILLIAU<br \/>\n06 82 02 37 26 - 02 96 35 01 82<\/li>\n<li>\n<div class=\"hr\"><\/div>\n<p><img loading=\"lazy\" class=\"alignleft size-full wp-image-330\" src=\"http:\/\/ploumilliau.bzh\/mairie\/wp-content\/uploads\/2016\/02\/NOlogo.jpg\" alt=\"\" width=\"150\" height=\"150\" \/><strong><span style=\"color: #b6bd00;\">NOVATECH SA<\/span><br \/>\n<span style=\"color: #8f9090;\">Composants \u00e9lectroniques<\/span><br \/>\n<\/strong><br \/>\nZA la Croix Rouge - 22300 PLOUMILLIAU<br \/>\n02 96 35 47 02<\/p>\n<p><a class=\"btn btn-default btn-normal btn-inline \" title=\"site internet\" href=\"http:\/\/www.novatech-groupe.com\/\" target=\"_blank\" rel=\"noopener\">Site internet<\/a><\/li>\n<li>\n<div class=\"hr\"><\/div>\n<p><img loading=\"lazy\" class=\"alignleft size-full wp-image-330\" src=\"http:\/\/ploumilliau.bzh\/mairie\/wp-content\/uploads\/2016\/02\/NOlogo.jpg\" alt=\"\" width=\"150\" height=\"150\" \/><strong><span style=\"color: #b6bd00;\">PAYSAGES MILLIAUTAIS - Julien LOUEDEC<\/span><br \/>\n<span style=\"color: #8f9090;\">Paysagiste<\/span><br \/>\n<\/strong><br \/>\nKerdrenkenn - 22300 PLOUMILLIAU<br \/>\n02 56 39 32 44<\/p>\n<p><a class=\"btn btn-default btn-normal btn-inline \" title=\"site internet\" href=\"http:\/\/www.novatech-groupe.com\/\" target=\"_blank\" rel=\"noopener\">Site internet<\/a><\/li>\n<li>\n<div class=\"hr\"><\/div>\n<p><img loading=\"lazy\" class=\"alignleft size-full\" src=\"http:\/\/ploumilliau.bzh\/mairie\/wp-content\/uploads\/2016\/04\/augresdessaisons-e1461074326492.jpg\" alt=\"POTERIE AU GRES DES SAISONS\" width=\"150\" height=\"150\" \/><strong><span style=\"color: #b6bd00;\">POTERIE AU GRES DES SAISONS<\/span><br \/>\n<span style=\"color: #8f9090;\">Artisanat d\u2019art<\/span><br \/>\n<\/strong><br \/>\n6 venelle Pors Coz Douar - 22300 PLOUMILLIAU<br \/>\n06 81 31 24 12<\/p>\n<p><a class=\"btn btn-default btn-normal btn-inline \" title=\"site internet\" href=\"http:\/\/www.au-gres-des-saisons.fr\/\" target=\"_blank\" rel=\"noopener\">Site internet<\/a><\/li>\n<li>\n<div class=\"hr\"><\/div>\n<p><img loading=\"lazy\" class=\"alignleft size-full wp-image-330\" src=\"http:\/\/ploumilliau.bzh\/mairie\/wp-content\/uploads\/2016\/02\/NOlogo.jpg\" alt=\"\" width=\"150\" height=\"150\" \/><br \/>\n<strong><span style=\"color: #b6bd00;\">VANNERIE CARRIE Marcelle<\/span><br \/>\n<span style=\"color: #8f9090;\">Vannerie<\/span><br \/>\n<\/strong><br \/>\nKermenguy - 22300 PLOUMILLIAU<br \/>\n02 96 35 32 76<\/li>\n<\/ul>\n","protected":false},"excerpt":{"rendered":"<p>Automobile GARAGE MILLIAUTAIS Atelier de r\u00e9paration automobile 89 rue Anatole le Bras - 22300 PLOUMILLIAU 02 96 54 40 10 Site internet GARAGE LA CROIX ROUGE Agent RENAULT Yann RAMASAMY ZA La Croix Rouge - 22300 PLOUMILLIAU 02 96 35 44 49 E-mail CAROSSERIE Patrice CONAN Carosserie ZA La Croix Rouge - 22300 PLOUMILLIAU 02 96 35 49 91 B\u00e2timent&nbsp;<a href=\"https:\/\/ploumilliau.bzh\/mairie\/artisans\/\" class=\"read-more\">Lire la suite<\/a><\/p>\n","protected":false},"author":1,"featured_media":0,"parent":0,"menu_order":0,"comment_status":"closed","ping_status":"closed","template":"","meta":[],"_links":{"self":[{"href":"https:\/\/ploumilliau.bzh\/mairie\/wp-json\/wp\/v2\/pages\/363"}],"collection":[{"href":"https:\/\/ploumilliau.bzh\/mairie\/wp-json\/wp\/v2\/pages"}],"about":[{"href":"https:\/\/ploumilliau.bzh\/mairie\/wp-json\/wp\/v2\/types\/page"}],"author":[{"embeddable":true,"href":"https:\/\/ploumilliau.bzh\/mairie\/wp-json\/wp\/v2\/users\/1"}],"replies":[{"embeddable":true,"href":"https:\/\/ploumilliau.bzh\/mairie\/wp-json\/wp\/v2\/comments?post=363"}],"version-history":[{"count":41,"href":"https:\/\/ploumilliau.bzh\/mairie\/wp-json\/wp\/v2\/pages\/363\/revisions"}],"predecessor-version":[{"id":4489,"href":"https:\/\/ploumilliau.bzh\/mairie\/wp-json\/wp\/v2\/pages\/363\/revisions\/4489"}],"wp:attachment":[{"href":"https:\/\/ploumilliau.bzh\/mairie\/wp-json\/wp\/v2\/media?parent=363"}],"curies":[{"name":"wp","href":"https:\/\/api.w.org\/{rel}","templated":true}]}}